{"id":175,"date":"2019-06-09T10:40:19","date_gmt":"2019-06-09T10:40:19","guid":{"rendered":"http:\/\/localhost\/execoore\/?page_id=175"},"modified":"2025-01-24T16:50:29","modified_gmt":"2025-01-24T16:50:29","slug":"taller-yoga-facial","status":"publish","type":"page","link":"http:\/\/olivomercadotecnia.mx\/bienestar\/taller-yoga-facial\/","title":{"rendered":"Taller Yoga Facial"},"content":{"rendered":"<p>{\u00abmain-title\u00bb:{\u00abcomponent\u00bb:\u00bbhc_title\u00bb,\u00bbid\u00bb:\u00bbmain-title\u00bb,\u00bbtitle\u00bb:\u00bb\u00bb,\u00bbsubtitle\u00bb:\u00bbIovana de la Parra\u00bb,\u00bbtitle_content\u00bb:{\u00abcomponent\u00bb:\u00bbhc_title_image\u00bb,\u00bbid\u00bb:\u00bbtitle-image\u00bb,\u00bbimage\u00bb:\u00bbhttp:\/\/olivomercadotecnia.mx\/bienestar\/wp-content\/uploads\/2019\/06\/fondo2-1024&#215;683.jpg|1280|1920|1040104&#8243;,\u00bbfull_screen\u00bb:false,\u00bbfull_screen_height\u00bb:\u00bb\u00bb,\u00bbparallax\u00bb:true,\u00bbbleed\u00bb:\u00bb\u00bb,\u00bbken_burn\u00bb:\u00bbken-burn-center\u00bb,\u00bbbreadcrumbs\u00bb:true,\u00bblight\u00bb:true,\u00bbalignment\u00bb:\u00bb\u00bb}},\u00bbsection_5ZtkF\u00bb:{\u00abcomponent\u00bb:\u00bbhc_section\u00bb,\u00bbid\u00bb:\u00bbsection_5ZtkF\u00bb,\u00bbsection_width\u00bb:\u00bb\u00bb,\u00bbanimation\u00bb:\u00bb\u00bb,\u00bbanimation_time\u00bb:\u00bb\u00bb,\u00bbtimeline_animation\u00bb:\u00bb\u00bb,\u00bbtimeline_delay\u00bb:\u00bb\u00bb,\u00bbtimeline_order\u00bb:\u00bb\u00bb,\u00bbvertical_row\u00bb:\u00bb\u00bb,\u00bbcss_classes\u00bb:\u00bbsection-color \u00ab,\u00bbcustom_css_classes\u00bb:\u00bb\u00bb,\u00bbcustom_css_styles\u00bb:\u00bb\u00bb,\u00bbsection_content\u00bb:[{\u00abcomponent\u00bb:\u00bbhc_column\u00bb,\u00bbid\u00bb:\u00bbcolumn_GrE8W\u00bb,\u00bbcolumn_width\u00bb:\u00bbcol-md-4&#8243;,\u00bbanimation\u00bb:\u00bb\u00bb,\u00bbanimation_time\u00bb:\u00bb\u00bb,\u00bbtimeline_animation\u00bb:\u00bb\u00bb,\u00bbtimeline_delay\u00bb:\u00bb\u00bb,\u00bbtimeline_order\u00bb:\u00bb\u00bb,\u00bbcss_classes\u00bb:\u00bb\u00bb,\u00bbcustom_css_classes\u00bb:\u00bb\u00bb,\u00bbcustom_css_styles\u00bb:\u00bb\u00bb,\u00bbmain_content\u00bb:[{\u00abcomponent\u00bb:\u00bbhc_fixed_area\u00bb,\u00bbid\u00bb:\u00bbqPXQ2&#8243;,\u00bbcss_classes\u00bb:\u00bb\u00bb,\u00bbcustom_css_classes\u00bb:\u00bb\u00bb,\u00bbcustom_css_styles\u00bb:\u00bb\u00bb,\u00bbcontent\u00bb:[{\u00abcomponent\u00bb:\u00bbhc_button\u00bb,\u00bbid\u00bb:\u00bbbBiHf\u00bb,\u00bbcss_classes\u00bb:\u00bb\u00bb,\u00bbcustom_css_classes\u00bb:\u00bb\u00bb,\u00bbcustom_css_styles\u00bb:\u00bb\u00bb,\u00bbicon\u00bb:\u00bb\u00bb,\u00bbstyle\u00bb:\u00bbcircle\u00bb,\u00bbsize\u00bb:\u00bbbtn-lg\u00bb,\u00bbposition\u00bb:\u00bbleft\u00bb,\u00bbinner_animation\u00bb:false,\u00bbtext\u00bb:\u00bbREG\u00cdSTRATE\u00bb,\u00bblink_type\u00bb:\u00bbclassic\u00bb,\u00bblightbox_animation\u00bb:\u00bb\u00bb,\u00bbcaption\u00bb:\u00bb\u00bb,\u00bbinner_caption\u00bb:false,\u00bbnew_window\u00bb:false,\u00bblink\u00bb:\u00bbhttps:\/\/olivomercadotecnia.mx\/bienestar\/producto\/evento-de-bienestar-mujer-en-plenitud-con-taller-de-iovana-parra\/\u00bb,\u00bblink_content\u00bb:[],\u00bblightbox_size\u00bb:\u00bb\u00bb,\u00bbscrollbox\u00bb:false},{\u00abcomponent\u00bb:\u00bbhc_space\u00bb,\u00bbid\u00bb:\u00bb0CH51&#8243;,\u00bbcss_classes\u00bb:\u00bb\u00bb,\u00bbcustom_css_classes\u00bb:\u00bb\u00bb,\u00bbcustom_css_styles\u00bb:\u00bb\u00bb,\u00bbsize\u00bb:\u00bbspace-sm\u00bb,\u00bbheight\u00bb:\u00bb\u00bb}],\u00bbtop\u00bb:\u00bb80&#8243;}]},{\u00abcomponent\u00bb:\u00bbhc_column\u00bb,\u00bbid\u00bb:\u00bbcolumn_IplKr\u00bb,\u00bbcolumn_width\u00bb:\u00bbcol-md-8&#8243;,\u00bbanimation\u00bb:\u00bb\u00bb,\u00bbanimation_time\u00bb:\u00bb\u00bb,\u00bbtimeline_animation\u00bb:\u00bb\u00bb,\u00bbtimeline_delay\u00bb:\u00bb\u00bb,\u00bbtimeline_order\u00bb:\u00bb\u00bb,\u00bbcss_classes\u00bb:\u00bb\u00bb,\u00bbcustom_css_classes\u00bb:\u00bb\u00bb,\u00bbcustom_css_styles\u00bb:\u00bb\u00bb,\u00bbmain_content\u00bb:[{\u00abcomponent\u00bb:\u00bbhc_space\u00bb,\u00bbid\u00bb:\u00bbMgA2o\u00bb,\u00bbcss_classes\u00bb:\u00bbvisible-md \u00ab,\u00bbcustom_css_classes\u00bb:\u00bb\u00bb,\u00bbcustom_css_styles\u00bb:\u00bb\u00bb,\u00bbsize\u00bb:\u00bbspace\u00bb,\u00bbheight\u00bb:\u00bb\u00bb},{\u00abcomponent\u00bb:\u00bbhc_title_tag\u00bb,\u00bbid\u00bb:\u00bbKlDbD\u00bb,\u00bbcss_classes\u00bb:\u00bb\u00bb,\u00bbcustom_css_classes\u00bb:\u00bb\u00bb,\u00bbcustom_css_styles\u00bb:\u00bb\u00bb,\u00bbtext\u00bb:\u00bbDETALLES\u00bb,\u00bbtag\u00bb:\u00bbh3&#8243;},{\u00abcomponent\u00bb:\u00bbhc_text_block\u00bb,\u00bbid\u00bb:\u00bbIOLlX\u00bb,\u00bbcss_classes\u00bb:\u00bb\u00bb,\u00bbcustom_css_classes\u00bb:\u00bb\u00bb,\u00bbcustom_css_styles\u00bb:\u00bb\u00bb,\u00bbcontent\u00bb:\u00bbTe ense\u00f1ar\u00e9 como aplicar los productos y a obtener los beneficios que aporta este tipo de movimientos en el \u00e1rea de tu cara.\\n\\n\u2022\\tTaller limitado a 18 personas.\\n\\n\u00a1Te esperamos!\u00bb},{\u00abcomponent\u00bb:\u00bbhc_space\u00bb,\u00bbid\u00bb:\u00bbICRpQ\u00bb,\u00bbcss_classes\u00bb:\u00bb\u00bb,\u00bbcustom_css_classes\u00bb:\u00bb\u00bb,\u00bbcustom_css_styles\u00bb:\u00bb\u00bb,\u00bbsize\u00bb:\u00bbspace\u00bb,\u00bbheight\u00bb:\u00bb\u00bb},{\u00abcomponent\u00bb:\u00bbhc_code_block\u00bb,\u00bbid\u00bb:\u00bbZOADG\u00bb,\u00bbcss_classes\u00bb:\u00bb\u00bb,\u00bbcustom_css_classes\u00bb:\u00bb\u00bb,\u00bbcustom_css_styles\u00bb:\u00bb\u00bb,\u00bbcontent\u00bb:\u00bb003c0064006900760020007300740079006c0065003d00220070006f0073006900740069006f006e003a002000720065006c00610074006900760065003b00770069006400740068003a00200031003000300025003b00700061006400640069006e0067002d0062006f00740074006f006d003a002000350036002e003200350025003b0022003e000a0020002000200020003c0069006600720061006d00650020007300740079006c0065003d00220070006f0073006900740069006f006e003a0020006100620073006f006c007500740065003b0074006f0070003a00200030003b006c006500660074003a00200030003b00770069006400740068003a00200031003000300025003b006800650069006700680074003a00200031003000300025003b0062006f0072006400650072003a00200030003b00220020007300720063003d002200680074007400700073003a002f002f007700770077002e0079006f00750074007500620065002e0063006f006d002f0065006d006200650064002f00300077004f0072006900750067004b007a00360077002200200061006c006c006f007700660075006c006c00730063007200650065006e003e003c002f0069006600720061006d0065003e000a003c002f006400690076003e\u00bb,\u00bblanguage\u00bb:\u00bb\u00bb},{\u00abcomponent\u00bb:\u00bbhc_space\u00bb,\u00bbid\u00bb:\u00bbCC7WK\u00bb,\u00bbcss_classes\u00bb:\u00bb\u00bb,\u00bbcustom_css_classes\u00bb:\u00bb\u00bb,\u00bbcustom_css_styles\u00bb:\u00bb\u00bb,\u00bbsize\u00bb:\u00bbspace-sm\u00bb,\u00bbheight\u00bb:\u00bb\u00bb},{\u00abcomponent\u00bb:\u00bbhc_button\u00bb,\u00bbid\u00bb:\u00bbMnsFk\u00bb,\u00bbcss_classes\u00bb:\u00bbalign-center \u00ab,\u00bbcustom_css_classes\u00bb:\u00bb\u00bb,\u00bbcustom_css_styles\u00bb:\u00bb\u00bb,\u00bbicon\u00bb:\u00bb\u00bb,\u00bbstyle\u00bb:\u00bbcircle\u00bb,\u00bbsize\u00bb:\u00bbbtn-lg\u00bb,\u00bbposition\u00bb:\u00bbcenter\u00bb,\u00bbinner_animation\u00bb:false,\u00bbtext\u00bb:\u00bbREG\u00cdSTRATE\u00bb,\u00bblink_type\u00bb:\u00bbclassic\u00bb,\u00bblightbox_animation\u00bb:\u00bb\u00bb,\u00bbcaption\u00bb:\u00bb\u00bb,\u00bbinner_caption\u00bb:false,\u00bbnew_window\u00bb:false,\u00bblink\u00bb:\u00bbhttps:\/\/olivomercadotecnia.mx\/bienestar\/producto\/evento-de-bienestar-mujer-en-plenitud-con-taller-de-iovana-parra\/\u00bb,\u00bblink_content\u00bb:[],\u00bblightbox_size\u00bb:\u00bb\u00bb,\u00bbscrollbox\u00bb:false}]}],\u00bbsection_settings\u00bb:\u00bb\u00bb},\u00bbcolumn_EYaUv\u00bb:{\u00abid\u00bb:\u00bbcolumn_EYaUv\u00bb,\u00bbmain_content\u00bb:{\u00abcomponent\u00bb:\u00bbhc_button\u00bb,\u00bbid\u00bb:\u00bbMnsFk\u00bb,\u00bbcss_classes\u00bb:\u00bbalign-center \u00ab,\u00bbcustom_css_classes\u00bb:\u00bb\u00bb,\u00bbcustom_css_styles\u00bb:\u00bb\u00bb,\u00bbicon\u00bb:\u00bb\u00bb,\u00bbstyle\u00bb:\u00bbcircle\u00bb,\u00bbsize\u00bb:\u00bbbtn-lg\u00bb,\u00bbposition\u00bb:\u00bbcenter\u00bb,\u00bbinner_animation\u00bb:false,\u00bbtext\u00bb:\u00bbREG\u00cdSTRATE\u00bb,\u00bblink_type\u00bb:\u00bbclassic\u00bb,\u00bblightbox_animation\u00bb:\u00bb\u00bb,\u00bbcaption\u00bb:\u00bb\u00bb,\u00bbinner_caption\u00bb:false,\u00bbnew_window\u00bb:false,\u00bblink\u00bb:\u00bbhttps:\/\/olivomercadotecnia.mx\/bienestar\/producto\/evento-de-bienestar-mujer-en-plenitud-con-taller-de-iovana-parra\/\u00bb,\u00bblink_content\u00bb:[],\u00bblightbox_size\u00bb:\u00bb\u00bb,\u00bbscrollbox\u00bb:false}},\u00bbscripts\u00bb:{\u00abparallax\u00bb:\u00bbparallax.min.js\u00bb,\u00bbsticky\u00bb:\u00bbsticky-kit.min.js\u00bb},\u00bbcss\u00bb:{},\u00bbcss_page\u00bb:\u00bb\u00bb,\u00bbtemplate_setting\u00bb:{},\u00bbtemplate_setting_top\u00bb:{},\u00bbpage_setting\u00bb:{\u00absettings\u00bb:[\u00ablock-mode-off\u00bb]}}<\/p>\n","protected":false},"excerpt":{"rendered":"<p>{\u00abmain-title\u00bb:{\u00abcomponent\u00bb:\u00bbhc_title\u00bb,\u00bbid\u00bb:\u00bbmain-title\u00bb,\u00bbtitle\u00bb:\u00bb\u00bb,\u00bbsubtitle\u00bb:\u00bbIovana de la Parra\u00bb,\u00bbtitle_content\u00bb:{\u00abcomponent\u00bb:\u00bbhc_title_image\u00bb,\u00bbid\u00bb:\u00bbtitle-image\u00bb,\u00bbimage\u00bb:\u00bbhttp:\/\/olivomercadotecnia.mx\/bienestar\/wp-content\/uploads\/2019\/06\/fondo2-1024&#215;683.jpg|1280|1920|1040104&#8243;,\u00bbfull_screen\u00bb:false,\u00bbfull_screen_height\u00bb:\u00bb\u00bb,\u00bbparallax\u00bb:true,\u00bbbleed\u00bb:\u00bb\u00bb,\u00bbken_burn\u00bb:\u00bbken-burn-center\u00bb,\u00bbbreadcrumbs\u00bb:true,\u00bblight\u00bb:true,\u00bbalignment\u00bb:\u00bb\u00bb}},\u00bbsection_5ZtkF\u00bb:{\u00abcomponent\u00bb:\u00bbhc_section\u00bb,\u00bbid\u00bb:\u00bbsection_5ZtkF\u00bb,\u00bbsection_width\u00bb:\u00bb\u00bb,\u00bbanimation\u00bb:\u00bb\u00bb,\u00bbanimation_time\u00bb:\u00bb\u00bb,\u00bbtimeline_animation\u00bb:\u00bb\u00bb,\u00bbtimeline_delay\u00bb:\u00bb\u00bb,\u00bbtimeline_order\u00bb:\u00bb\u00bb,\u00bbvertical_row\u00bb:\u00bb\u00bb,\u00bbcss_classes\u00bb:\u00bbsection-color \u00ab,\u00bbcustom_css_classes\u00bb:\u00bb\u00bb,\u00bbcustom_css_styles\u00bb:\u00bb\u00bb,\u00bbsection_content\u00bb:[{\u00abcomponent\u00bb:\u00bbhc_column\u00bb,\u00bbid\u00bb:\u00bbcolumn_GrE8W\u00bb,\u00bbcolumn_width\u00bb:\u00bbcol-md-4&#8243;,\u00bbanimation\u00bb:\u00bb\u00bb,\u00bbanimation_time\u00bb:\u00bb\u00bb,\u00bbtimeline_animation\u00bb:\u00bb\u00bb,\u00bbtimeline_delay\u00bb:\u00bb\u00bb,\u00bbtimeline_order\u00bb:\u00bb\u00bb,\u00bbcss_classes\u00bb:\u00bb\u00bb,\u00bbcustom_css_classes\u00bb:\u00bb\u00bb,\u00bbcustom_css_styles\u00bb:\u00bb\u00bb,\u00bbmain_content\u00bb:[{\u00abcomponent\u00bb:\u00bbhc_fixed_area\u00bb,\u00bbid\u00bb:\u00bbqPXQ2&#8243;,\u00bbcss_classes\u00bb:\u00bb\u00bb,\u00bbcustom_css_classes\u00bb:\u00bb\u00bb,\u00bbcustom_css_styles\u00bb:\u00bb\u00bb,\u00bbcontent\u00bb:[{\u00abcomponent\u00bb:\u00bbhc_button\u00bb,\u00bbid\u00bb:\u00bbbBiHf\u00bb,\u00bbcss_classes\u00bb:\u00bb\u00bb,\u00bbcustom_css_classes\u00bb:\u00bb\u00bb,\u00bbcustom_css_styles\u00bb:\u00bb\u00bb,\u00bbicon\u00bb:\u00bb\u00bb,\u00bbstyle\u00bb:\u00bbcircle\u00bb,\u00bbsize\u00bb:\u00bbbtn-lg\u00bb,\u00bbposition\u00bb:\u00bbleft\u00bb,\u00bbinner_animation\u00bb:false,\u00bbtext\u00bb:\u00bbREG\u00cdSTRATE\u00bb,\u00bblink_type\u00bb:\u00bbclassic\u00bb,\u00bblightbox_animation\u00bb:\u00bb\u00bb,\u00bbcaption\u00bb:\u00bb\u00bb,\u00bbinner_caption\u00bb:false,\u00bbnew_window\u00bb:false,\u00bblink\u00bb:\u00bbhttps:\/\/olivomercadotecnia.mx\/bienestar\/producto\/evento-de-bienestar-mujer-en-plenitud-con-taller-de-iovana-parra\/\u00bb,\u00bblink_content\u00bb:[],\u00bblightbox_size\u00bb:\u00bb\u00bb,\u00bbscrollbox\u00bb:false},{\u00abcomponent\u00bb:\u00bbhc_space\u00bb,\u00bbid\u00bb:\u00bb0CH51&#8243;,\u00bbcss_classes\u00bb:\u00bb\u00bb,\u00bbcustom_css_classes\u00bb:\u00bb\u00bb,\u00bbcustom_css_styles\u00bb:\u00bb\u00bb,\u00bbsize\u00bb:\u00bbspace-sm\u00bb,\u00bbheight\u00bb:\u00bb\u00bb}],\u00bbtop\u00bb:\u00bb80&#8243;}]},{\u00abcomponent\u00bb:\u00bbhc_column\u00bb,\u00bbid\u00bb:\u00bbcolumn_IplKr\u00bb,\u00bbcolumn_width\u00bb:\u00bbcol-md-8&#8243;,\u00bbanimation\u00bb:\u00bb\u00bb,\u00bbanimation_time\u00bb:\u00bb\u00bb,\u00bbtimeline_animation\u00bb:\u00bb\u00bb,\u00bbtimeline_delay\u00bb:\u00bb\u00bb,\u00bbtimeline_order\u00bb:\u00bb\u00bb,\u00bbcss_classes\u00bb:\u00bb\u00bb,\u00bbcustom_css_classes\u00bb:\u00bb\u00bb,\u00bbcustom_css_styles\u00bb:\u00bb\u00bb,\u00bbmain_content\u00bb:[{\u00abcomponent\u00bb:\u00bbhc_space\u00bb,\u00bbid\u00bb:\u00bbMgA2o\u00bb,\u00bbcss_classes\u00bb:\u00bbvisible-md \u00ab,\u00bbcustom_css_classes\u00bb:\u00bb\u00bb,\u00bbcustom_css_styles\u00bb:\u00bb\u00bb,\u00bbsize\u00bb:\u00bbspace\u00bb,\u00bbheight\u00bb:\u00bb\u00bb},{\u00abcomponent\u00bb:\u00bbhc_title_tag\u00bb,\u00bbid\u00bb:\u00bbKlDbD\u00bb,\u00bbcss_classes\u00bb:\u00bb\u00bb,\u00bbcustom_css_classes\u00bb:\u00bb\u00bb,\u00bbcustom_css_styles\u00bb:\u00bb\u00bb,\u00bbtext\u00bb:\u00bbDETALLES\u00bb,\u00bbtag\u00bb:\u00bbh3&#8243;},{\u00abcomponent\u00bb:\u00bbhc_text_block\u00bb,\u00bbid\u00bb:\u00bbIOLlX\u00bb,\u00bbcss_classes\u00bb:\u00bb\u00bb,\u00bbcustom_css_classes\u00bb:\u00bb\u00bb,\u00bbcustom_css_styles\u00bb:\u00bb\u00bb,\u00bbcontent\u00bb:\u00bbTe ense\u00f1ar\u00e9 como aplicar los productos y a obtener los beneficios que aporta este tipo de movimientos en el \u00e1rea de tu cara.\\n\\n\u2022\\tTaller limitado a 18 personas.\\n\\n\u00a1Te esperamos!\u00bb},{\u00abcomponent\u00bb:\u00bbhc_space\u00bb,\u00bbid\u00bb:\u00bbICRpQ\u00bb,\u00bbcss_classes\u00bb:\u00bb\u00bb,\u00bbcustom_css_classes\u00bb:\u00bb\u00bb,\u00bbcustom_css_styles\u00bb:\u00bb\u00bb,\u00bbsize\u00bb:\u00bbspace\u00bb,\u00bbheight\u00bb:\u00bb\u00bb},{\u00abcomponent\u00bb:\u00bbhc_code_block\u00bb,\u00bbid\u00bb:\u00bbZOADG\u00bb,\u00bbcss_classes\u00bb:\u00bb\u00bb,\u00bbcustom_css_classes\u00bb:\u00bb\u00bb,\u00bbcustom_css_styles\u00bb:\u00bb\u00bb,\u00bbcontent\u00bb:\u00bb003c0064006900760020007300740079006c0065003d00220070006f0073006900740069006f006e003a002000720065006c00610074006900760065003b00770069006400740068003a00200031003000300025003b00700061006400640069006e0067002d0062006f00740074006f006d003a002000350036002e003200350025003b0022003e000a0020002000200020003c0069006600720061006d00650020007300740079006c0065003d00220070006f0073006900740069006f006e003a0020006100620073006f006c007500740065003b0074006f0070003a00200030003b006c006500660074003a00200030003b00770069006400740068003a00200031003000300025003b006800650069006700680074003a00200031003000300025003b0062006f0072006400650072003a00200030003b00220020007300720063003d002200680074007400700073003a002f002f007700770077002e0079006f00750074007500620065002e0063006f006d002f0065006d006200650064002f00300077004f0072006900750067004b007a00360077002200200061006c006c006f007700660075006c006c00730063007200650065006e003e003c002f0069006600720061006d0065003e000a003c002f006400690076003e\u00bb,\u00bblanguage\u00bb:\u00bb\u00bb},{\u00abcomponent\u00bb:\u00bbhc_space\u00bb,\u00bbid\u00bb:\u00bbCC7WK\u00bb,\u00bbcss_classes\u00bb:\u00bb\u00bb,\u00bbcustom_css_classes\u00bb:\u00bb\u00bb,\u00bbcustom_css_styles\u00bb:\u00bb\u00bb,\u00bbsize\u00bb:\u00bbspace-sm\u00bb,\u00bbheight\u00bb:\u00bb\u00bb},{\u00abcomponent\u00bb:\u00bbhc_button\u00bb,\u00bbid\u00bb:\u00bbMnsFk\u00bb,\u00bbcss_classes\u00bb:\u00bbalign-center \u00ab,\u00bbcustom_css_classes\u00bb:\u00bb\u00bb,\u00bbcustom_css_styles\u00bb:\u00bb\u00bb,\u00bbicon\u00bb:\u00bb\u00bb,\u00bbstyle\u00bb:\u00bbcircle\u00bb,\u00bbsize\u00bb:\u00bbbtn-lg\u00bb,\u00bbposition\u00bb:\u00bbcenter\u00bb,\u00bbinner_animation\u00bb:false,\u00bbtext\u00bb:\u00bbREG\u00cdSTRATE\u00bb,\u00bblink_type\u00bb:\u00bbclassic\u00bb,\u00bblightbox_animation\u00bb:\u00bb\u00bb,\u00bbcaption\u00bb:\u00bb\u00bb,\u00bbinner_caption\u00bb:false,\u00bbnew_window\u00bb:false,\u00bblink\u00bb:\u00bbhttps:\/\/olivomercadotecnia.mx\/bienestar\/producto\/evento-de-bienestar-mujer-en-plenitud-con-taller-de-iovana-parra\/\u00bb,\u00bblink_content\u00bb:[],\u00bblightbox_size\u00bb:\u00bb\u00bb,\u00bbscrollbox\u00bb:false}]}],\u00bbsection_settings\u00bb:\u00bb\u00bb},\u00bbcolumn_EYaUv\u00bb:{\u00abid\u00bb:\u00bbcolumn_EYaUv\u00bb,\u00bbmain_content\u00bb:{\u00abcomponent\u00bb:\u00bbhc_button\u00bb,\u00bbid\u00bb:\u00bbMnsFk\u00bb,\u00bbcss_classes\u00bb:\u00bbalign-center \u00ab,\u00bbcustom_css_classes\u00bb:\u00bb\u00bb,\u00bbcustom_css_styles\u00bb:\u00bb\u00bb,\u00bbicon\u00bb:\u00bb\u00bb,\u00bbstyle\u00bb:\u00bbcircle\u00bb,\u00bbsize\u00bb:\u00bbbtn-lg\u00bb,\u00bbposition\u00bb:\u00bbcenter\u00bb,\u00bbinner_animation\u00bb:false,\u00bbtext\u00bb:\u00bbREG\u00cdSTRATE\u00bb,\u00bblink_type\u00bb:\u00bbclassic\u00bb,\u00bblightbox_animation\u00bb:\u00bb\u00bb,\u00bbcaption\u00bb:\u00bb\u00bb,\u00bbinner_caption\u00bb:false,\u00bbnew_window\u00bb:false,\u00bblink\u00bb:\u00bbhttps:\/\/olivomercadotecnia.mx\/bienestar\/producto\/evento-de-bienestar-mujer-en-plenitud-con-taller-de-iovana-parra\/\u00bb,\u00bblink_content\u00bb:[],\u00bblightbox_size\u00bb:\u00bb\u00bb,\u00bbscrollbox\u00bb:false}},\u00bbscripts\u00bb:{\u00abparallax\u00bb:\u00bbparallax.min.js\u00bb,\u00bbsticky\u00bb:\u00bbsticky-kit.min.js\u00bb},\u00bbcss\u00bb:{},\u00bbcss_page\u00bb:\u00bb\u00bb,\u00bbtemplate_setting\u00bb:{},\u00bbtemplate_setting_top\u00bb:{},\u00bbpage_setting\u00bb:{\u00absettings\u00bb:[\u00ablock-mode-off\u00bb]}}<\/p>\n","protected":false},"author":1,"featured_media":0,"parent":0,"menu_order":0,"comment_status":"closed","ping_status":"closed","template":"","meta":{"footnotes":""},"class_list":["post-175","page","type-page","status-publish","hentry"],"_links":{"self":[{"href":"http:\/\/olivomercadotecnia.mx\/bienestar\/wp-json\/wp\/v2\/pages\/175","targetHints":{"allow":["GET"]}}],"collection":[{"href":"http:\/\/olivomercadotecnia.mx\/bienestar\/wp-json\/wp\/v2\/pages"}],"about":[{"href":"http:\/\/olivomercadotecnia.mx\/bienestar\/wp-json\/wp\/v2\/types\/page"}],"author":[{"embeddable":true,"href":"http:\/\/olivomercadotecnia.mx\/bienestar\/wp-json\/wp\/v2\/users\/1"}],"replies":[{"embeddable":true,"href":"http:\/\/olivomercadotecnia.mx\/bienestar\/wp-json\/wp\/v2\/comments?post=175"}],"version-history":[{"count":8,"href":"http:\/\/olivomercadotecnia.mx\/bienestar\/wp-json\/wp\/v2\/pages\/175\/revisions"}],"predecessor-version":[{"id":1040279,"href":"http:\/\/olivomercadotecnia.mx\/bienestar\/wp-json\/wp\/v2\/pages\/175\/revisions\/1040279"}],"wp:attachment":[{"href":"http:\/\/olivomercadotecnia.mx\/bienestar\/wp-json\/wp\/v2\/media?parent=175"}],"curies":[{"name":"wp","href":"https:\/\/api.w.org\/{rel}","templated":true}]}}